{"id":18842,"date":"2022-12-11T19:46:35","date_gmt":"2022-12-11T19:46:35","guid":{"rendered":"https:\/\/missionmecec.ca\/?page_id=18842"},"modified":"2025-02-23T03:00:34","modified_gmt":"2025-02-23T08:00:34","slug":"priere","status":"publish","type":"page","link":"https:\/\/missionmecec.ca\/en\/priere\/","title":{"rendered":"Prayer"},"content":{"rendered":"<div data-elementor-type=\"wp-page\" data-elementor-id=\"18842\" class=\"elementor elementor-18842\">\n\t\t\t\t\t\t<section class=\"elementor-section elementor-top-section elementor-element elementor-element-26b9886 elementor-section-boxed elementor-section-height-default elementor-section-height-default\" data-id=\"26b9886\" data-element_type=\"section\">\n\t\t\t\t\t\t<div class=\"elementor-container elementor-column-gap-default\">\n\t\t\t\t\t<div class=\"elementor-column elementor-col-33 elementor-top-column elementor-element elementor-element-e613e93\" data-id=\"e613e93\" data-element_type=\"column\">\n\t\t\t<div class=\"elementor-widget-wrap elementor-element-populated\">\n\t\t\t\t\t\t<div class=\"elementor-element elementor-element-8ecb7f2 elementor-widget elementor-widget-image\" data-id=\"8ecb7f2\" data-element_type=\"widget\" data-widget_type=\"image.default\">\n\t\t\t\t<div class=\"elementor-widget-container\">\n\t\t\t\t\t\t\t\t\t\t\t\t\t\t\t<img fetchpriority=\"high\" decoding=\"async\" width=\"626\" height=\"1024\" src=\"https:\/\/missionmecec.ca\/wp-content\/uploads\/2022\/12\/underground-gd0e5315e3_1920-626x1024.jpg\" class=\"attachment-large size-large wp-image-18849\" alt=\"\" srcset=\"https:\/\/missionmecec.ca\/wp-content\/uploads\/2022\/12\/underground-gd0e5315e3_1920-626x1024.jpg 626w, https:\/\/missionmecec.ca\/wp-content\/uploads\/2022\/12\/underground-gd0e5315e3_1920-183x300.jpg 183w, https:\/\/missionmecec.ca\/wp-content\/uploads\/2022\/12\/underground-gd0e5315e3_1920-768x1257.jpg 768w, https:\/\/missionmecec.ca\/wp-content\/uploads\/2022\/12\/underground-gd0e5315e3_1920-938x1536.jpg 938w, https:\/\/missionmecec.ca\/wp-content\/uploads\/2022\/12\/underground-gd0e5315e3_1920-600x982.jpg 600w, https:\/\/missionmecec.ca\/wp-content\/uploads\/2022\/12\/underground-gd0e5315e3_1920.jpg 1173w\" sizes=\"(max-width: 34.9rem) calc(100vw - 2rem), (max-width: 53rem) calc(8 * (100vw \/ 12)), (min-width: 53rem) calc(6 * (100vw \/ 12)), 100vw\" \/>\t\t\t\t\t\t\t\t\t\t\t\t\t\t\t<\/div>\n\t\t\t\t<\/div>\n\t\t\t\t\t<\/div>\n\t\t<\/div>\n\t\t\t\t<div class=\"elementor-column elementor-col-66 elementor-top-column elementor-element elementor-element-522cd9a\" data-id=\"522cd9a\" data-element_type=\"column\" data-settings=\"{&quot;background_background&quot;:&quot;classic&quot;}\">\n\t\t\t<div class=\"elementor-widget-wrap elementor-element-populated\">\n\t\t\t\t\t<div class=\"elementor-background-overlay\"><\/div>\n\t\t\t\t\t\t<div class=\"elementor-element elementor-element-10aabef elementor-widget elementor-widget-text-editor\" data-id=\"10aabef\" data-element_type=\"widget\" data-widget_type=\"text-editor.default\">\n\t\t\t\t<div class=\"elementor-widget-container\">\n\t\t\t\t\t\t\t\t\t<p data-pm-slice=\"1 1 []\"><strong>Pri\u00e8re pour les ouvriers, ouvri\u00e8res et les fid\u00e8les de toutes les \u00c9glises membres de la Mission \u00c9vang\u00e9lique de Confraternit\u00e9 des \u00c9glises Chr\u00e9tiennes (MECEC)<\/strong><\/p><p><strong>B\u00e9n\u00e9diction proph\u00e9tique pour la Mission \u00c9vang\u00e9lique de Confraternit\u00e9 des \u00c9glises Chr\u00e9tiennes du Canada (MECEC)<\/strong><\/p><p>Seigneur Tout-Puissant, toi seul es digne de recevoir toute gloire, tout honneur et toute louange. En ce jour, nous venons avec humilit\u00e9 et gratitude devant ton tr\u00f4ne, par notre Seigneur J\u00e9sus-Christ, pour invoquer ta pr\u00e9sence et proclamer tes b\u00e9n\u00e9dictions sur la MECEC.<\/p><p>Nous prions pour le minist\u00e8re de cette mission, tant au niveau national qu&rsquo;international. \u00c9tends ta faveur sur chaque initiative, chaque projet et chaque \u0153uvre entrepris au nom de ton royaume. Que la MECEC soit un phare lumineux, portant ta lumi\u00e8re dans les nations et transformant des vies par la puissance de l&rsquo;\u00c9vangile.<\/p><p>Seigneur, nous prions pour tous les districts, leurs comit\u00e9s, ainsi que pour chaque pasteur, diacre, diaconesse, pr\u00e9dicateur, ouvrier et ouvri\u00e8re engag\u00e9s dans ton service. B\u00e9nis-les abondamment et accorde-leur ta sagesse divine, ta force in\u00e9puisable et une onction renouvel\u00e9e chaque jour. Fortifie leur foi, remplis leur c\u0153ur de passion pour ton \u0153uvre, et soutiens-les dans leurs t\u00e2ches et responsabilit\u00e9s, quelles qu&rsquo;elles soient.<\/p><p>Nous te confions \u00e9galement les fid\u00e8les de toutes les \u00c9glises membres de cette grande corporation religieuse. Veille sur eux, guide-les et rends-les solides dans leur foi. Que ta gr\u00e2ce repose particuli\u00e8rement sur la jeunesse et les enfants, afin qu&rsquo;ils grandissent dans ta connaissance et deviennent des piliers pour l&rsquo;avenir de ton \u00c9glise.<\/p><p>Seigneur, nous pla\u00e7ons chaque d\u00e9partement minist\u00e9riel entre tes mains : le d\u00e9partement de la musique, l&rsquo;\u00e9cole du dimanche, le minist\u00e8re des dames et les \u00e9quipes de missionnaires. Inspire et dirige chacun, afin qu&rsquo;ils servent avec excellence et amour, refl\u00e9tant ta gloire dans tout ce qu&rsquo;ils accomplissent.<\/p><p>Nous prions sp\u00e9cialement pour le pr\u00e9sident fondateur, Albrava Esquivara ALISMA, ainsi que pour tous les conducteurs de cette \u0153uvre. Seigneur, renouvelle leur force comme celle de l&rsquo;aigle, remplis leur bouche de paroles de sagesse et de v\u00e9rit\u00e9 qui \u00e9difient et exhortent. Prot\u00e8ge leur vie, leur famille et leur minist\u00e8re des pi\u00e8ges et ruses de l&rsquo;ennemi. Que leur t\u00e9moignage soit une source d&rsquo;inspiration et de b\u00e9n\u00e9dictions pour tous ceux qui les entourent.<\/p><p>Seigneur, apprends-nous \u00e0 \u00eatre ob\u00e9issants et respectueux envers ceux que tu as plac\u00e9s comme conducteurs dans ton \u00c9glise. Que nous puissions les soutenir fid\u00e8lement par nos pri\u00e8res et collaborer avec joie pour l&rsquo;avancement de ton royaume.<\/p><p>Comme ta Parole le d\u00e9clare :<\/p><p><em>\u00ab Ob\u00e9issez \u00e0 vos conducteurs et ayez pour eux de la d\u00e9f\u00e9rence, car ils veillent sur vos \u00e2mes comme devant en rendre compte; qu&rsquo;ils le fassent avec joie et non en g\u00e9missant, ce qui ne vous serait d&rsquo;aucun avantage. \u00bb<\/em> (H\u00e9breux 13:17)<\/p><p>Au nom de J\u00e9sus-Christ, nous d\u00e9clarons que la MECEC est b\u00e9nie, prot\u00e9g\u00e9e et prosp\u00e8re dans toutes ses entreprises. Ta gloire se manifestera \u00e0 travers elle pour impacter le Canada et les nations. <strong>Amen !<\/strong><\/p>\t\t\t\t\t\t\t\t<\/div>\n\t\t\t\t<\/div>\n\t\t\t\t\t<\/div>\n\t\t<\/div>\n\t\t\t\t\t<\/div>\n\t\t<\/section>\n\t\t\t\t<\/div>","protected":false},"excerpt":{"rendered":"<p>Pri\u00e8re pour les ouvriers, ouvri\u00e8res et les fid\u00e8les de toutes les \u00c9glises membres de la Mission \u00c9vang\u00e9lique de Confraternit\u00e9 des \u00c9glises Chr\u00e9tiennes (MECEC) B\u00e9n\u00e9diction proph\u00e9tique pour la Mission \u00c9vang\u00e9lique de Confraternit\u00e9 des \u00c9glises Chr\u00e9tiennes du Canada (MECEC) Seigneur Tout-Puissant, toi seul es digne de recevoir toute gloire, tout honneur et toute louange. En ce jour, [&hellip;]<\/p>","protected":false},"author":1,"featured_media":0,"parent":0,"menu_order":0,"comment_status":"closed","ping_status":"closed","template":"","meta":{"give_campaign_id":0,"footnotes":""},"class_list":["post-18842","page","type-page","status-publish","hentry","entry"],"campaignId":"","_links":{"self":[{"href":"https:\/\/missionmecec.ca\/en\/wp-json\/wp\/v2\/pages\/18842","targetHints":{"allow":["GET"]}}],"collection":[{"href":"https:\/\/missionmecec.ca\/en\/wp-json\/wp\/v2\/pages"}],"about":[{"href":"https:\/\/missionmecec.ca\/en\/wp-json\/wp\/v2\/types\/page"}],"author":[{"embeddable":true,"href":"https:\/\/missionmecec.ca\/en\/wp-json\/wp\/v2\/users\/1"}],"replies":[{"embeddable":true,"href":"https:\/\/missionmecec.ca\/en\/wp-json\/wp\/v2\/comments?post=18842"}],"version-history":[{"count":16,"href":"https:\/\/missionmecec.ca\/en\/wp-json\/wp\/v2\/pages\/18842\/revisions"}],"predecessor-version":[{"id":19399,"href":"https:\/\/missionmecec.ca\/en\/wp-json\/wp\/v2\/pages\/18842\/revisions\/19399"}],"wp:attachment":[{"href":"https:\/\/missionmecec.ca\/en\/wp-json\/wp\/v2\/media?parent=18842"}],"curies":[{"name":"wp","href":"https:\/\/api.w.org\/{rel}","templated":true}]}}